{"id":576,"date":"2022-05-01T14:12:11","date_gmt":"2022-05-01T14:12:11","guid":{"rendered":"https:\/\/colibriwp-work.colibriwp.com\/business-ii\/?page_id=576"},"modified":"2022-05-02T00:15:24","modified_gmt":"2022-05-02T00:15:24","slug":"servicios","status":"publish","type":"page","link":"https:\/\/virtualtec.cl\/temas\/barberia\/servicios\/","title":{"rendered":"Servicios"},"content":{"rendered":"<div data-colibri-id=\"576-c1\" class=\"style-612 style-local-576-c1 position-relative\">\n  <!---->\n  <div data-colibri-component=\"section\" data-colibri-id=\"576-c2\" id=\"features\" class=\"h-section h-section-global-spacing d-flex align-items-lg-center align-items-md-center align-items-center style-613 style-local-576-c2 position-relative\">\n    <!---->\n    <!---->\n    <div class=\"h-section-grid-container h-section-boxed-container\">\n      <div data-colibri-id=\"576-c20\" class=\"h-row-container gutters-row-lg-2 gutters-row-md-2 gutters-row-0 gutters-row-v-lg-2 gutters-row-v-md-2 gutters-row-v-2 style-621 style-local-576-c20 position-relative\">\n        <!---->\n        <div class=\"h-row justify-content-lg-center justify-content-md-center justify-content-center align-items-lg-stretch align-items-md-stretch align-items-stretch gutters-col-lg-2 gutters-col-md-2 gutters-col-0 gutters-col-v-lg-2 gutters-col-v-md-2 gutters-col-v-2\">\n          <!---->\n          <div class=\"h-column h-column-container d-flex h-col-lg-auto h-col-md-auto h-col-auto style-622-outer style-local-576-c21-outer\">\n            <div data-colibri-id=\"576-c21\" class=\"d-flex h-flex-basis h-column__inner h-px-lg-2 h-px-md-2 h-px-2 v-inner-lg-2 v-inner-md-2 v-inner-2 style-622 style-local-576-c21 position-relative\">\n              <!---->\n              <!---->\n              <div class=\"w-100 h-y-container h-column__content h-column__v-align flex-basis-100 align-self-lg-start align-self-md-start align-self-start\">\n                <!---->\n                <div data-colibri-id=\"576-c22\" class=\"h-global-transition-all h-heading style-625 style-local-576-c22 position-relative h-element\">\n                  <!---->\n                  <div class=\"h-heading__outer style-625 style-local-576-c22\">\n                    <!---->\n                    <!---->\n                    <h5 class=\"\">servicios<\/h5>\n                  <\/div>\n                <\/div>\n                <div data-colibri-id=\"576-c23\" class=\"h-global-transition-all h-heading style-623 style-local-576-c23 position-relative h-element\">\n                  <!---->\n                  <div class=\"h-heading__outer style-623 style-local-576-c23\">\n                    <!---->\n                    <!---->\n                    <h2 class=\"\">Algunas cosas en las que somos geniales<\/h2>\n                  <\/div>\n                <\/div>\n                <div data-colibri-id=\"576-c24\" class=\"h-lead h-text h-text-component style-624 style-local-576-c24 position-relative h-element\">\n                  <!---->\n                  <!---->\n                  <div class=\"\">\n                    <p>Conoce nuestras especialidades (corte de cabello, perfilado de barba o afeitado al ras) y experimenta el arte de la barber\u00eda cl\u00e1sica.<\/p>\n                  <\/div>\n                <\/div>\n              <\/div>\n            <\/div>\n          <\/div>\n        <\/div>\n      <\/div>\n      <div data-colibri-id=\"576-c3\" class=\"h-row-container gutters-row-lg-1 gutters-row-md-1 gutters-row-2 gutters-row-v-lg-1 gutters-row-v-md-1 gutters-row-v-2 style-614 style-local-576-c3 position-relative\">\n        <!---->\n        <div class=\"h-row justify-content-lg-center justify-content-md-center justify-content-center align-items-lg-stretch align-items-md-stretch align-items-stretch gutters-col-lg-1 gutters-col-md-1 gutters-col-2 gutters-col-v-lg-1 gutters-col-v-md-1 gutters-col-v-2\">\n          <!---->\n          <div class=\"h-column h-column-container d-flex h-col-lg-3 h-col-md-6 h-col-12 style-615-outer style-local-576-c4-outer\">\n            <div data-colibri-id=\"576-c4\" class=\"d-flex h-flex-basis h-column__inner h-px-lg-0 h-px-md-0 h-px-2 v-inner-lg-0 v-inner-md-0 v-inner-2 style-615 style-local-576-c4 position-relative\">\n              <!---->\n              <!---->\n              <div class=\"w-100 h-y-container h-column__content h-column__v-align flex-basis-100 align-self-lg-start align-self-md-start align-self-start\">\n                <!---->\n                <div data-colibri-id=\"576-c5\" class=\"d-block style-931 style-local-576-c5 position-relative h-element\">\n                  <!---->\n                  <div class=\"h-image__frame-container-outer\">\n                    <div class=\"h-image__frame-container\">\n                      <!---->\n                      <!---->\n                      <img decoding=\"async\" loading=\"lazy\" width=\"142\" height=\"101\" src=\"https:\/\/virtualtec.cl\/temas\/barberia\/wp-content\/uploads\/sites\/3\/2022\/05\/tijera.jpg\" class=\"wp-image-1631 style-931-image style-local-576-c5-image\" alt=\"\" \/>\n                      <div class=\"h-image__frame h-hide-lg h-hide-md h-hide-sm style-931-frameImage style-local-576-c5-frameImage\"><\/div>\n                    <\/div>\n                  <\/div>\n                <\/div>\n                <div data-colibri-id=\"576-c6\" class=\"h-global-transition-all h-heading style-617 style-local-576-c6 position-relative h-element\">\n                  <!---->\n                  <div class=\"h-heading__outer style-617 style-local-576-c6\">\n                    <!---->\n                    <!---->\n                    <h4 class=\"\">Corte de Cabello<\/h4>\n                  <\/div>\n                <\/div>\n                <div data-colibri-id=\"576-c7\" class=\"h-text h-text-component style-618 style-local-576-c7 position-relative h-element\">\n                  <!---->\n                  <!---->\n                  <div class=\"\">\n                    <p>Asesor\u00eda, corte y lavado de cabello. Incluye peinado con pomada a elecci\u00f3n <strong>$16.990<\/strong><\/p>\n                  <\/div>\n                <\/div>\n              <\/div>\n            <\/div>\n          <\/div>\n          <div class=\"h-column h-column-container d-flex h-col-lg-3 h-col-md-6 h-col-12 style-615-outer style-local-576-c8-outer\">\n            <div data-colibri-id=\"576-c8\" class=\"d-flex h-flex-basis h-column__inner h-px-lg-0 h-px-md-0 h-px-2 v-inner-lg-0 v-inner-md-0 v-inner-2 style-615 style-local-576-c8 position-relative\">\n              <!---->\n              <!---->\n              <div class=\"w-100 h-y-container h-column__content h-column__v-align flex-basis-100 align-self-lg-start align-self-md-start align-self-start\">\n                <!---->\n                <div data-colibri-id=\"576-c9\" class=\"d-block style-932 style-local-576-c9 position-relative h-element\">\n                  <!---->\n                  <div class=\"h-image__frame-container-outer\">\n                    <div class=\"h-image__frame-container\">\n                      <!---->\n                      <!---->\n                      <img decoding=\"async\" loading=\"lazy\" width=\"142\" height=\"101\" src=\"https:\/\/virtualtec.cl\/temas\/barberia\/wp-content\/uploads\/sites\/3\/2022\/05\/navaja.jpg\" class=\"wp-image-1630 style-932-image style-local-576-c9-image\" alt=\"\" \/>\n                      <div class=\"h-image__frame h-hide-lg h-hide-md h-hide-sm style-932-frameImage style-local-576-c9-frameImage\"><\/div>\n                    <\/div>\n                  <\/div>\n                <\/div>\n                <div data-colibri-id=\"576-c10\" class=\"h-global-transition-all h-heading style-617 style-local-576-c10 position-relative h-element\">\n                  <!---->\n                  <div class=\"h-heading__outer style-617 style-local-576-c10\">\n                    <!---->\n                    <!---->\n                    <h4 class=\"\">Perfilado de Barba<\/h4>\n                  <\/div>\n                <\/div>\n                <div data-colibri-id=\"576-c11\" class=\"h-text h-text-component style-618 style-local-576-c11 position-relative h-element\">\n                  <!---->\n                  <!---->\n                  <div class=\"\">\n                    <p>Asesor\u00eda, arreglo de barba, aplicaci\u00f3n de toalla caliente, aceite y limpieza facial <strong>$14.990<\/strong><\/p>\n                  <\/div>\n                <\/div>\n              <\/div>\n            <\/div>\n          <\/div>\n          <div class=\"h-column h-column-container d-flex h-col-lg-3 h-col-md-6 h-col-12 style-615-outer style-local-576-c12-outer\">\n            <div data-colibri-id=\"576-c12\" class=\"d-flex h-flex-basis h-column__inner h-px-lg-0 h-px-md-0 h-px-2 v-inner-lg-0 v-inner-md-0 v-inner-2 style-615 style-local-576-c12 position-relative\">\n              <!---->\n              <!---->\n              <div class=\"w-100 h-y-container h-column__content h-column__v-align flex-basis-100 align-self-lg-start align-self-md-start align-self-start\">\n                <!---->\n                <div data-colibri-id=\"576-c13\" class=\"d-block style-933 style-local-576-c13 position-relative h-element\">\n                  <!---->\n                  <div class=\"h-image__frame-container-outer\">\n                    <div class=\"h-image__frame-container\">\n                      <!---->\n                      <!---->\n                      <img decoding=\"async\" loading=\"lazy\" width=\"142\" height=\"101\" src=\"https:\/\/virtualtec.cl\/temas\/barberia\/wp-content\/uploads\/sites\/3\/2022\/05\/afeitado-ras.jpg\" class=\"wp-image-1639 style-933-image style-local-576-c13-image\" alt=\"\" \/>\n                      <div class=\"h-image__frame h-hide-lg h-hide-md h-hide-sm style-933-frameImage style-local-576-c13-frameImage\"><\/div>\n                    <\/div>\n                  <\/div>\n                <\/div>\n                <div data-colibri-id=\"576-c14\" class=\"h-global-transition-all h-heading style-617 style-local-576-c14 position-relative h-element\">\n                  <!---->\n                  <div class=\"h-heading__outer style-617 style-local-576-c14\">\n                    <!---->\n                    <!---->\n                    <h4 class=\"\">Afeitado al Ras<\/h4>\n                  <\/div>\n                <\/div>\n                <div data-colibri-id=\"576-c15\" class=\"h-text h-text-component style-618 style-local-576-c15 position-relative h-element\">\n                  <!---->\n                  <!---->\n                  <div class=\"\">\n                    <p>Rasurado con toalla caliente, crema de afeitar y navaja m\u00e1s after shave <strong>$14.990<\/strong><\/p>\n                  <\/div>\n                <\/div>\n              <\/div>\n            <\/div>\n          <\/div>\n          <div class=\"h-column h-column-container d-flex h-col-lg-3 h-col-md-6 h-col-12 style-615-outer style-local-576-c16-outer\">\n            <div data-colibri-id=\"576-c16\" class=\"d-flex h-flex-basis h-column__inner h-px-lg-0 h-px-md-0 h-px-2 v-inner-lg-0 v-inner-md-0 v-inner-2 style-615 style-local-576-c16 position-relative\">\n              <!---->\n              <!---->\n              <div class=\"w-100 h-y-container h-column__content h-column__v-align flex-basis-100 align-self-lg-start align-self-md-start align-self-start\">\n                <!---->\n                <div data-colibri-id=\"576-c17\" class=\"d-block style-934 style-local-576-c17 position-relative h-element\">\n                  <!---->\n                  <div class=\"h-image__frame-container-outer\">\n                    <div class=\"h-image__frame-container\">\n                      <!---->\n                      <!---->\n                      <img decoding=\"async\" loading=\"lazy\" width=\"142\" height=\"101\" src=\"https:\/\/virtualtec.cl\/temas\/barberia\/wp-content\/uploads\/sites\/3\/2022\/05\/silla.jpg\" class=\"wp-image-1694 style-934-image style-local-576-c17-image\" alt=\"\" \/>\n                      <div class=\"h-image__frame h-hide-lg h-hide-md h-hide-sm style-934-frameImage style-local-576-c17-frameImage\"><\/div>\n                    <\/div>\n                  <\/div>\n                <\/div>\n                <div data-colibri-id=\"576-c18\" class=\"h-global-transition-all h-heading style-617 style-local-576-c18 position-relative h-element\">\n                  <!---->\n                  <div class=\"h-heading__outer style-617 style-local-576-c18\">\n                    <!---->\n                    <!---->\n                    <h4 class=\"\">Servicio completo<\/h4>\n                  <\/div>\n                <\/div>\n                <div data-colibri-id=\"576-c19\" class=\"h-text h-text-component style-618 style-local-576-c19 position-relative h-element\">\n                  <!---->\n                  <!---->\n                  <div class=\"\">\n                    <p>Disfruta el corte de cabello m\u00e1s el perfilado de barba a un precio preferencial <strong>$26.990<\/strong><\/p>\n                  <\/div>\n                <\/div>\n              <\/div>\n            <\/div>\n          <\/div>\n        <\/div>\n      <\/div>\n    <\/div>\n  <\/div>\n<\/div>","protected":false},"excerpt":{"rendered":"<p>servicios Algunas cosas en las que somos geniales Conoce nuestras especialidades (corte de cabello, perfilado de barba o afeitado al ras) y experimenta el arte de la barber\u00eda cl\u00e1sica. Corte de Cabello Asesor\u00eda, corte y lavado de cabello. Incluye peinado con pomada a elecci\u00f3n $16.990 Perfilado de Barba Asesor\u00eda, arreglo de barba, aplicaci\u00f3n de toalla [&hellip;]<\/p>\n","protected":false},"author":1,"featured_media":0,"parent":0,"menu_order":0,"comment_status":"closed","ping_status":"closed","template":"page-templates\/full-width-page.php","meta":{"footnotes":""},"_links":{"self":[{"href":"https:\/\/virtualtec.cl\/temas\/barberia\/wp-json\/wp\/v2\/pages\/576"}],"collection":[{"href":"https:\/\/virtualtec.cl\/temas\/barberia\/wp-json\/wp\/v2\/pages"}],"about":[{"href":"https:\/\/virtualtec.cl\/temas\/barberia\/wp-json\/wp\/v2\/types\/page"}],"author":[{"embeddable":true,"href":"https:\/\/virtualtec.cl\/temas\/barberia\/wp-json\/wp\/v2\/users\/1"}],"replies":[{"embeddable":true,"href":"https:\/\/virtualtec.cl\/temas\/barberia\/wp-json\/wp\/v2\/comments?post=576"}],"version-history":[{"count":9,"href":"https:\/\/virtualtec.cl\/temas\/barberia\/wp-json\/wp\/v2\/pages\/576\/revisions"}],"predecessor-version":[{"id":1819,"href":"https:\/\/virtualtec.cl\/temas\/barberia\/wp-json\/wp\/v2\/pages\/576\/revisions\/1819"}],"wp:attachment":[{"href":"https:\/\/virtualtec.cl\/temas\/barberia\/wp-json\/wp\/v2\/media?parent=576"}],"curies":[{"name":"wp","href":"https:\/\/api.w.org\/{rel}","templated":true}]}}